{"id":2889,"date":"2024-01-10T12:49:03","date_gmt":"2024-01-10T12:49:03","guid":{"rendered":"https:\/\/shop.tunderiportekak.hu\/?post_type=product&#038;p=2889"},"modified":"2026-04-08T12:04:30","modified_gmt":"2026-04-08T10:04:30","slug":"ariel-talp-mez-szinben","status":"publish","type":"product","link":"https:\/\/tunderiportekak.hu\/en\/product\/ariel-talp-mez-szinben\/","title":{"rendered":"Ariel talp m\u00e9z sz\u00ednben gyerek m\u00e9retben (23-38)"},"content":{"rendered":"<p>Ez a praktikus talp gyerekm\u00e9retekben kaphat\u00f3, 23-38 m\u00e9retig. Gyerekcip\u0151kh\u00f6z, bakancshoz, csizm\u00e1hoz, papucsokhoz, mamuszokhoz is praktikus. Kialak\u00edt\u00e1sa miatt azonban kisl\u00e1b\u00fa feln\u0151tteknek is aj\u00e1nlom. Az orr-r\u00e9sz lekerek\u00edtett \u00edve, \u00e9s az el\u00fcls\u0151 r\u00e9sz kisz\u00e9les\u00edt\u00e9se teszi k\u00e9nyelmess\u00e9 ezt a talp t\u00edpust. K\u00f6nnyen varrhat\u00f3. Viszonylag keskeny pereme miatt 2 mm-es EVA illeszkedik bele j\u00f3l (k\u00f6ztalp, ami lez\u00e1rja a talp k\u00f6nny\u00edt\u00e9s\u00e9t).<\/p>\n<p>The sole is available in black and honey colours.<\/p>\n<p>&nbsp;<\/p>\n<p>A talpak bels\u0151 hossza:<\/p>\n<p><span style=\"vertical-align: inherit;\"><span style=\"vertical-align: inherit;\"><span style=\"vertical-align: inherit;\"><span style=\"vertical-align: inherit;\">23-as: 14,7 cm<\/span><\/span><\/span><\/span><\/p>\n<p><span style=\"vertical-align: inherit;\"><span style=\"vertical-align: inherit;\"><span style=\"vertical-align: inherit;\"><span style=\"vertical-align: inherit;\">24-es: 15,5 cm<\/span><\/span><\/span><\/span><\/p>\n<p>25-\u00f6s: 16 cm<\/p>\n<p><span style=\"vertical-align: inherit;\"><span style=\"vertical-align: inherit;\"><span style=\"vertical-align: inherit;\"><span style=\"vertical-align: inherit;\">26-os: 16,5 cm<\/span><\/span><\/span><\/span><\/p>\n<p><span style=\"vertical-align: inherit;\"><span style=\"vertical-align: inherit;\"><span style=\"vertical-align: inherit;\"><span style=\"vertical-align: inherit;\">27-es: 17 cm<\/span><\/span><\/span><\/span><\/p>\n<p><span style=\"vertical-align: inherit;\"><span style=\"vertical-align: inherit;\"><span style=\"vertical-align: inherit;\"><span style=\"vertical-align: inherit;\">28-as: 18 cm<\/span><\/span><\/span><\/span><\/p>\n<p><span style=\"vertical-align: inherit;\"><span style=\"vertical-align: inherit;\"><span style=\"vertical-align: inherit;\"><span style=\"vertical-align: inherit;\">29-es: 18,5 cm<\/span><\/span><\/span><\/span><\/p>\n<p><span style=\"vertical-align: inherit;\"><span style=\"vertical-align: inherit;\"><span style=\"vertical-align: inherit;\"><span style=\"vertical-align: inherit;\">30-as: 19 cm<\/span><\/span><\/span><\/span><\/p>\n<p><span style=\"vertical-align: inherit;\"><span style=\"vertical-align: inherit;\"><span style=\"vertical-align: inherit;\"><span style=\"vertical-align: inherit;\">31-es: 19,7 cm<\/span><\/span><\/span><\/span><\/p>\n<p><span style=\"vertical-align: inherit;\"><span style=\"vertical-align: inherit;\"><span style=\"vertical-align: inherit;\"><span style=\"vertical-align: inherit;\">32-es: 20,5 cm<\/span><\/span><\/span><\/span><\/p>\n<p><span style=\"vertical-align: inherit;\"><span style=\"vertical-align: inherit;\"><span style=\"vertical-align: inherit;\"><span style=\"vertical-align: inherit;\">33-as: 21 cm<\/span><\/span><\/span><\/span><\/p>\n<p><span style=\"vertical-align: inherit;\"><span style=\"vertical-align: inherit;\"><span style=\"vertical-align: inherit;\"><span style=\"vertical-align: inherit;\">34-es: 21,5 cm<\/span><\/span><\/span><\/span><\/p>\n<p>35-\u00f6s: 22,3 cm<\/p>\n<p><span style=\"vertical-align: inherit;\"><span style=\"vertical-align: inherit;\">36-os: 23 cm<\/span><\/span><\/p>\n<p><span style=\"vertical-align: inherit;\"><span style=\"vertical-align: inherit;\">37-es: 23,5 cm<\/span><\/span><\/p>\n<p><span style=\"vertical-align: inherit;\"><span style=\"vertical-align: inherit;\">38-as: 24 cm<\/span><\/span><\/p>","protected":false},"excerpt":{"rendered":"<p>Ez a praktikus talp gyerekm\u00e9retekben kaphat\u00f3, 23-38 m\u00e9retig. Gyerekcip\u0151kh\u00f6z, bakancshoz, csizm\u00e1hoz, papucsokhoz, mamuszokhoz is praktikus. Kialak\u00edt\u00e1sa miatt azonban kisl\u00e1b\u00fa feln\u0151tteknek is aj\u00e1nlom. Az orr-r\u00e9sz lekerek\u00edtett \u00edve, \u00e9s az el\u00fcls\u0151 r\u00e9sz kisz\u00e9les\u00edt\u00e9se teszi k\u00e9nyelmess\u00e9 ezt a talp t\u00edpust.<\/p>","protected":false},"featured_media":1913,"template":"","meta":{"site-sidebar-layout":"default","site-content-layout":"","ast-site-content-layout":"default","site-content-style":"default","site-sidebar-style":"default","ast-global-header-display":"","ast-banner-title-visibility":"","ast-main-header-display":"","ast-hfb-above-header-display":"","ast-hfb-below-header-display":"","ast-hfb-mobile-header-display":"","site-post-title":"","ast-breadcrumbs-content":"","ast-featured-img":"","footer-sml-layout":"","ast-disable-related-posts":"","theme-transparent-header-meta":"default","adv-header-id-meta":"","stick-header-meta":"","header-above-stick-meta":"","header-main-stick-meta":"","header-below-stick-meta":"","astra-migrate-meta-layouts":"set","ast-page-background-enabled":"default","ast-page-background-meta":{"desktop":{"background-color":"","background-image":"","background-repeat":"repeat","background-position":"center center","background-size":"auto","background-attachment":"scroll","background-type":"","background-media":"","overlay-type":"","overlay-color":"","overlay-opacity":"","overlay-gradient":""},"tablet":{"background-color":"","background-image":"","background-repeat":"repeat","background-position":"center center","background-size":"auto","background-attachment":"scroll","background-type":"","background-media":"","overlay-type":"","overlay-color":"","overlay-opacity":"","overlay-gradient":""},"mobile":{"background-color":"","background-image":"","background-repeat":"repeat","background-position":"center center","background-size":"auto","background-attachment":"scroll","background-type":"","background-media":"","overlay-type":"","overlay-color":"","overlay-opacity":"","overlay-gradient":""}},"ast-content-background-meta":{"desktop":{"background-color":"var(--ast-global-color-5)","background-image":"","background-repeat":"repeat","background-position":"center center","background-size":"auto","background-attachment":"scroll","background-type":"","background-media":"","overlay-type":"","overlay-color":"","overlay-opacity":"","overlay-gradient":""},"tablet":{"background-color":"var(--ast-global-color-5)","background-image":"","background-repeat":"repeat","background-position":"center center","background-size":"auto","background-attachment":"scroll","background-type":"","background-media":"","overlay-type":"","overlay-color":"","overlay-opacity":"","overlay-gradient":""},"mobile":{"background-color":"var(--ast-global-color-5)","background-image":"","background-repeat":"repeat","background-position":"center center","background-size":"auto","background-attachment":"scroll","background-type":"","background-media":"","overlay-type":"","overlay-color":"","overlay-opacity":"","overlay-gradient":""}}},"product_brand":[],"product_cat":[93,32],"product_tag":[47],"class_list":{"0":"post-2889","1":"product","2":"type-product","3":"status-publish","4":"has-post-thumbnail","6":"product_cat-cipotalpak-cipotalpak","7":"product_cat-cipotalpak","8":"product_tag-cipotalp","9":"desktop-align-left","10":"tablet-align-left","11":"mobile-align-left","13":"first","14":"instock","15":"taxable","16":"shipping-taxable","17":"purchasable","18":"product-type-variable"},"yoast_head":"<!-- This site is optimized with the Yoast SEO Premium plugin v27.3 (Yoast SEO v27.3) - https:\/\/yoast.com\/product\/yoast-seo-premium-wordpress\/ -->\n<title>Ariel talp m\u00e9z sz\u00ednben gyerek m\u00e9retben (23-38) -<\/title>\n<meta name=\"robots\" content=\"index, follow, max-snippet:-1, max-image-preview:large, max-video-preview:-1\" \/>\n<link rel=\"canonical\" href=\"https:\/\/tunderiportekak.hu\/en\/product\/ariel-talp-mez-szinben\/\" \/>\n<meta property=\"og:locale\" content=\"en_US\" \/>\n<meta property=\"og:type\" content=\"article\" \/>\n<meta property=\"og:title\" content=\"Ariel talp m\u00e9z sz\u00ednben gyerek m\u00e9retben (23-38)\" \/>\n<meta property=\"og:description\" content=\"Ez a praktikus talp gyerekm\u00e9retekben kaphat\u00f3, 23-38 m\u00e9retig. Gyerekcip\u0151kh\u00f6z, bakancshoz, csizm\u00e1hoz, papucsokhoz, mamuszokhoz is praktikus. Kialak\u00edt\u00e1sa miatt azonban kisl\u00e1b\u00fa feln\u0151tteknek is aj\u00e1nlom. Az orr-r\u00e9sz lekerek\u00edtett \u00edve, \u00e9s az el\u00fcls\u0151 r\u00e9sz kisz\u00e9les\u00edt\u00e9se teszi k\u00e9nyelmess\u00e9 ezt a talp t\u00edpust.\" \/>\n<meta property=\"og:url\" content=\"https:\/\/tunderiportekak.hu\/en\/product\/ariel-talp-mez-szinben\/\" \/>\n<meta property=\"article:modified_time\" content=\"2026-04-08T10:04:30+00:00\" \/>\n<meta property=\"og:image\" content=\"https:\/\/tunderiportekak.hu\/wp-content\/uploads\/2023\/09\/IMG_0018.webp\" \/>\n\t<meta property=\"og:image:width\" content=\"937\" \/>\n\t<meta property=\"og:image:height\" content=\"937\" \/>\n\t<meta property=\"og:image:type\" content=\"image\/webp\" \/>\n<meta name=\"twitter:card\" content=\"summary_large_image\" \/>\n<meta name=\"twitter:label1\" content=\"Est. reading time\" \/>\n\t<meta name=\"twitter:data1\" content=\"1 minute\" \/>\n<script type=\"application\/ld+json\" class=\"yoast-schema-graph\">{\"@context\":\"https:\\\/\\\/schema.org\",\"@graph\":[{\"@type\":\"WebPage\",\"@id\":\"https:\\\/\\\/tunderiportekak.hu\\\/termek\\\/ariel-talp-mez-szinben\\\/\",\"url\":\"https:\\\/\\\/tunderiportekak.hu\\\/termek\\\/ariel-talp-mez-szinben\\\/\",\"name\":\"Ariel talp m\u00e9z sz\u00ednben gyerek m\u00e9retben (23-38) -\",\"isPartOf\":{\"@id\":\"https:\\\/\\\/tunderiportekak.hu\\\/#website\"},\"primaryImageOfPage\":{\"@id\":\"https:\\\/\\\/tunderiportekak.hu\\\/termek\\\/ariel-talp-mez-szinben\\\/#primaryimage\"},\"image\":{\"@id\":\"https:\\\/\\\/tunderiportekak.hu\\\/termek\\\/ariel-talp-mez-szinben\\\/#primaryimage\"},\"thumbnailUrl\":\"https:\\\/\\\/tunderiportekak.hu\\\/wp-content\\\/uploads\\\/2023\\\/09\\\/IMG_0018.webp\",\"datePublished\":\"2024-01-10T12:49:03+00:00\",\"dateModified\":\"2026-04-08T10:04:30+00:00\",\"breadcrumb\":{\"@id\":\"https:\\\/\\\/tunderiportekak.hu\\\/termek\\\/ariel-talp-mez-szinben\\\/#breadcrumb\"},\"inLanguage\":\"en-US\",\"potentialAction\":[{\"@type\":\"ReadAction\",\"target\":[\"https:\\\/\\\/tunderiportekak.hu\\\/termek\\\/ariel-talp-mez-szinben\\\/\"]}]},{\"@type\":\"ImageObject\",\"inLanguage\":\"en-US\",\"@id\":\"https:\\\/\\\/tunderiportekak.hu\\\/termek\\\/ariel-talp-mez-szinben\\\/#primaryimage\",\"url\":\"https:\\\/\\\/tunderiportekak.hu\\\/wp-content\\\/uploads\\\/2023\\\/09\\\/IMG_0018.webp\",\"contentUrl\":\"https:\\\/\\\/tunderiportekak.hu\\\/wp-content\\\/uploads\\\/2023\\\/09\\\/IMG_0018.webp\",\"width\":937,\"height\":937},{\"@type\":\"BreadcrumbList\",\"@id\":\"https:\\\/\\\/tunderiportekak.hu\\\/termek\\\/ariel-talp-mez-szinben\\\/#breadcrumb\",\"itemListElement\":[{\"@type\":\"ListItem\",\"position\":1,\"name\":\"Home\",\"item\":\"https:\\\/\\\/tunderiportekak.hu\\\/\"},{\"@type\":\"ListItem\",\"position\":2,\"name\":\"Bolt\",\"item\":\"https:\\\/\\\/tunderiportekak.hu\\\/bolt\\\/\"},{\"@type\":\"ListItem\",\"position\":3,\"name\":\"Ariel talp m\u00e9z sz\u00ednben gyerek m\u00e9retben (23-38)\"}]},{\"@type\":\"WebSite\",\"@id\":\"https:\\\/\\\/tunderiportekak.hu\\\/#website\",\"url\":\"https:\\\/\\\/tunderiportekak.hu\\\/\",\"name\":\"\",\"description\":\"Nemezcip\u0151 k\u00e9sz\u00edt\u0151 \u00e9lm\u00e9nyprogramok\",\"potentialAction\":[{\"@type\":\"SearchAction\",\"target\":{\"@type\":\"EntryPoint\",\"urlTemplate\":\"https:\\\/\\\/tunderiportekak.hu\\\/?s={search_term_string}\"},\"query-input\":{\"@type\":\"PropertyValueSpecification\",\"valueRequired\":true,\"valueName\":\"search_term_string\"}}],\"inLanguage\":\"en-US\"}]}<\/script>\n<!-- \/ Yoast SEO Premium plugin. -->","yoast_head_json":{"title":"Ariel talp m\u00e9z sz\u00ednben gyerek m\u00e9retben (23-38) -","robots":{"index":"index","follow":"follow","max-snippet":"max-snippet:-1","max-image-preview":"max-image-preview:large","max-video-preview":"max-video-preview:-1"},"canonical":"https:\/\/tunderiportekak.hu\/en\/product\/ariel-talp-mez-szinben\/","og_locale":"en_US","og_type":"article","og_title":"Ariel talp m\u00e9z sz\u00ednben gyerek m\u00e9retben (23-38)","og_description":"Ez a praktikus talp gyerekm\u00e9retekben kaphat\u00f3, 23-38 m\u00e9retig. Gyerekcip\u0151kh\u00f6z, bakancshoz, csizm\u00e1hoz, papucsokhoz, mamuszokhoz is praktikus. Kialak\u00edt\u00e1sa miatt azonban kisl\u00e1b\u00fa feln\u0151tteknek is aj\u00e1nlom. Az orr-r\u00e9sz lekerek\u00edtett \u00edve, \u00e9s az el\u00fcls\u0151 r\u00e9sz kisz\u00e9les\u00edt\u00e9se teszi k\u00e9nyelmess\u00e9 ezt a talp t\u00edpust.","og_url":"https:\/\/tunderiportekak.hu\/en\/product\/ariel-talp-mez-szinben\/","article_modified_time":"2026-04-08T10:04:30+00:00","og_image":[{"width":937,"height":937,"url":"https:\/\/tunderiportekak.hu\/wp-content\/uploads\/2023\/09\/IMG_0018.webp","type":"image\/webp"}],"twitter_card":"summary_large_image","twitter_misc":{"Est. reading time":"1 minute"},"schema":{"@context":"https:\/\/schema.org","@graph":[{"@type":"WebPage","@id":"https:\/\/tunderiportekak.hu\/termek\/ariel-talp-mez-szinben\/","url":"https:\/\/tunderiportekak.hu\/termek\/ariel-talp-mez-szinben\/","name":"Ariel talp m\u00e9z sz\u00ednben gyerek m\u00e9retben (23-38) -","isPartOf":{"@id":"https:\/\/tunderiportekak.hu\/#website"},"primaryImageOfPage":{"@id":"https:\/\/tunderiportekak.hu\/termek\/ariel-talp-mez-szinben\/#primaryimage"},"image":{"@id":"https:\/\/tunderiportekak.hu\/termek\/ariel-talp-mez-szinben\/#primaryimage"},"thumbnailUrl":"https:\/\/tunderiportekak.hu\/wp-content\/uploads\/2023\/09\/IMG_0018.webp","datePublished":"2024-01-10T12:49:03+00:00","dateModified":"2026-04-08T10:04:30+00:00","breadcrumb":{"@id":"https:\/\/tunderiportekak.hu\/termek\/ariel-talp-mez-szinben\/#breadcrumb"},"inLanguage":"en-US","potentialAction":[{"@type":"ReadAction","target":["https:\/\/tunderiportekak.hu\/termek\/ariel-talp-mez-szinben\/"]}]},{"@type":"ImageObject","inLanguage":"en-US","@id":"https:\/\/tunderiportekak.hu\/termek\/ariel-talp-mez-szinben\/#primaryimage","url":"https:\/\/tunderiportekak.hu\/wp-content\/uploads\/2023\/09\/IMG_0018.webp","contentUrl":"https:\/\/tunderiportekak.hu\/wp-content\/uploads\/2023\/09\/IMG_0018.webp","width":937,"height":937},{"@type":"BreadcrumbList","@id":"https:\/\/tunderiportekak.hu\/termek\/ariel-talp-mez-szinben\/#breadcrumb","itemListElement":[{"@type":"ListItem","position":1,"name":"Home","item":"https:\/\/tunderiportekak.hu\/"},{"@type":"ListItem","position":2,"name":"Bolt","item":"https:\/\/tunderiportekak.hu\/bolt\/"},{"@type":"ListItem","position":3,"name":"Ariel talp m\u00e9z sz\u00ednben gyerek m\u00e9retben (23-38)"}]},{"@type":"WebSite","@id":"https:\/\/tunderiportekak.hu\/#website","url":"https:\/\/tunderiportekak.hu\/","name":"","description":"Felt shoe making programmes","potentialAction":[{"@type":"SearchAction","target":{"@type":"EntryPoint","urlTemplate":"https:\/\/tunderiportekak.hu\/?s={search_term_string}"},"query-input":{"@type":"PropertyValueSpecification","valueRequired":true,"valueName":"search_term_string"}}],"inLanguage":"en-US"}]}},"_links":{"self":[{"href":"https:\/\/tunderiportekak.hu\/en\/wp-json\/wp\/v2\/product\/2889","targetHints":{"allow":["GET"]}}],"collection":[{"href":"https:\/\/tunderiportekak.hu\/en\/wp-json\/wp\/v2\/product"}],"about":[{"href":"https:\/\/tunderiportekak.hu\/en\/wp-json\/wp\/v2\/types\/product"}],"wp:featuredmedia":[{"embeddable":true,"href":"https:\/\/tunderiportekak.hu\/en\/wp-json\/wp\/v2\/media\/1913"}],"wp:attachment":[{"href":"https:\/\/tunderiportekak.hu\/en\/wp-json\/wp\/v2\/media?parent=2889"}],"wp:term":[{"taxonomy":"product_brand","embeddable":true,"href":"https:\/\/tunderiportekak.hu\/en\/wp-json\/wp\/v2\/product_brand?post=2889"},{"taxonomy":"product_cat","embeddable":true,"href":"https:\/\/tunderiportekak.hu\/en\/wp-json\/wp\/v2\/product_cat?post=2889"},{"taxonomy":"product_tag","embeddable":true,"href":"https:\/\/tunderiportekak.hu\/en\/wp-json\/wp\/v2\/product_tag?post=2889"}],"curies":[{"name":"wp","href":"https:\/\/api.w.org\/{rel}","templated":true}]}}